{"id":34,"date":"2024-01-15T18:18:38","date_gmt":"2024-01-15T18:18:38","guid":{"rendered":"https:\/\/www.skiriege-oltingen.ch\/?page_id=34"},"modified":"2024-01-15T18:38:41","modified_gmt":"2024-01-15T18:38:41","slug":"skiriege","status":"publish","type":"page","link":"https:\/\/www.skiriege-oltingen.ch\/index.php\/skiriege\/","title":{"rendered":"Skiriege"},"content":{"rendered":"\n<p><span style=\"font-size: 14.0pt;\">Das Skifahren hat in Oltingen eine lange Tradition und ist nat\u00fcrlich eng verbunden mit der Schafmatt. In den Sechziger- und Siebzigerjahren wurden die traditionellen Schafmattderbys durchgef\u00fchrt, wof\u00fcr die \u00abRennlatten\u00bb besonders gut pr\u00e4pariert wurden. <\/span><\/p>\n\n\n\n<p><span style=\"font-size: 14.0pt;\">Im Winter des Jahres 1978 stand der erste Skilift Marke Borer, Typ \u00abHandschuhkiller<a name=\"OLE_LINK13\"><\/a>\u00bb, am \u00abSchlattacher\u00bb. Doch es liegt in der Natur des Menschen, dass er stets nach Besserem und H\u00f6herem strebt. Zwei Borer-Lifte verrichteten am \u00abB\u00e4renacher\u00bb von nun an ihren Dienst hintereinander. Die untere Sektion wurde mit drei Scheinwerfern f\u00fcr das Nachtskifahren eingerichtet. In unz\u00e4hligen Arbeitsstunden wurde zudem ein \u00abHeuh\u00fcsli\u00bb zum gem\u00fctlichen Bergbeizli mit Cheminee umgebaut. In diese Zeit (1983\/84) f\u00e4llt auch die Gr\u00fcndung der Skiriege als Untersektion des Turnvereins mit insgesamt 12 Mitgliedern und Hans Gysin (St\u00f6ffibaschis) als Pr\u00e4sidenten an der Spitze. So, nun haben wir f\u00fcr l\u00e4ngere Zeit Ruhe, meinten wir. W\u00e4re da nicht ein Inserat in der \u00abTierwelt\u00bb aufgetaucht, das einen gebrauchten Tellerlift aus Adelboden anpries, der haargenau zum \u00abB\u00e4renacher\u00bb passte. In der Saison 1987\/88 wurde der laut Baubewilligung demontierbare Lift in Betrieb genommen. Da die Masten nicht demontiert wurden, ben\u00f6tigte es eine \u00c4nderung des Zonenplanes Landschaft. Die neue Skisportzone erlaubt seit der Anpassung einen station\u00e4ren Lift. Trotz schlechter Zukunftsprognosen f\u00fcr das Skifahren in unteren bis mittleren Lagen erlebten wir doch hin und wieder ganz erfreuliche Winter mit zum Teil pr\u00e4chtigen Schneeverh\u00e4ltnissen. Seit der Saison 2004\/05 sind wir denn auch stolze Besitzer eines stattlichen Pistenfahrzeuges, das diesen Namen wirklich verdient. Auch in Jahren mit wenig Skibetrieb haben es die Mitglieder der Skiriege durch die \u00dcbernahme diverser Anl\u00e4sse, wie der traditionellen Herbstviehschau, des Banntages usw. immer wieder geschafft, die laufenden Ausgaben zu decken. Dar\u00fcber hinaus k\u00f6nnen nach guten Saisons sogar nach und nach die privaten Darlehen den Mitgliedern zur\u00fcckbezahlt werden. Doch von Geld verdienen kann hier nicht die Rede sein, vielmehr steht viel Idealismus und die Freude am Skisport im Vordergrund.<\/span><\/p>\n\n\n\n<p><span style=\"font-size: 14.0pt;\">Zur Zeit z\u00e4hlt die Skiriege 18 Mitglieder, und wir k\u00e4mpfen immer wieder mit dem Problem, die anfallenden Arbeiten und den damit verbundenen zeitlichen Aufwand gleichm\u00e4ssig auf die wenigen Schultern verteilen zu k\u00f6nnen, was leider nicht immer gelingt. Wir blicken jedoch optimistisch in die Zukunft und hoffen auf m\u00f6glichst schneereiche Winter, um unseren G\u00e4sten weiterhin ein paar Tage Skivergn\u00fcgen in der Region bieten zu k\u00f6nnen.<\/span><\/p>\n\n\n\n<p><i style=\"mso-bidi-font-style: normal;\"><span style=\"font-size: 14.0pt;\">(Quelle: Heimatkunde 2005)<\/span><\/i><\/p>\n\n\n\n<figure class=\"wp-block-image size-large\"><img loading=\"lazy\" decoding=\"async\" width=\"1024\" height=\"576\" src=\"https:\/\/www.skiriege-oltingen.ch\/wp-content\/uploads\/2024\/01\/skiriege-1024x576.jpg\" alt=\"\" class=\"wp-image-44\" srcset=\"https:\/\/www.skiriege-oltingen.ch\/wp-content\/uploads\/2024\/01\/skiriege-1024x576.jpg 1024w, https:\/\/www.skiriege-oltingen.ch\/wp-content\/uploads\/2024\/01\/skiriege-300x169.jpg 300w, https:\/\/www.skiriege-oltingen.ch\/wp-content\/uploads\/2024\/01\/skiriege-768x432.jpg 768w, https:\/\/www.skiriege-oltingen.ch\/wp-content\/uploads\/2024\/01\/skiriege-1536x864.jpg 1536w, https:\/\/www.skiriege-oltingen.ch\/wp-content\/uploads\/2024\/01\/skiriege.jpg 2040w\" sizes=\"auto, (max-width: 1024px) 100vw, 1024px\" \/><\/figure>\n\n\n\n<p><i style=\"mso-bidi-font-style: normal;\"><span style=\"font-size: 14.0pt;\"><\/span><\/i><\/p>\n\n\n\n<p><span style=\"font-size: 14.0pt;\">&nbsp;<\/span><\/p>\n","protected":false},"excerpt":{"rendered":"<p>Das Skifahren hat in Oltingen eine lange Tradition und ist nat\u00fcrlich eng verbunden mit der Schafmatt. In den Sechziger- und Siebzigerjahren wurden die traditionellen Schafmattderbys durchgef\u00fchrt, wof\u00fcr die \u00abRennlatten\u00bb besonders gut pr\u00e4pariert wurden. Im Winter des Jahres 1978 stand der erste Skilift Marke Borer, Typ \u00abHandschuhkiller\u00bb, am \u00abSchlattacher\u00bb. Doch es liegt in der Natur des [&hellip;]<\/p>\n","protected":false},"author":1,"featured_media":0,"parent":0,"menu_order":0,"comment_status":"closed","ping_status":"closed","template":"","meta":{"footnotes":""},"class_list":["post-34","page","type-page","status-publish","hentry"],"_links":{"self":[{"href":"https:\/\/www.skiriege-oltingen.ch\/index.php\/wp-json\/wp\/v2\/pages\/34","targetHints":{"allow":["GET"]}}],"collection":[{"href":"https:\/\/www.skiriege-oltingen.ch\/index.php\/wp-json\/wp\/v2\/pages"}],"about":[{"href":"https:\/\/www.skiriege-oltingen.ch\/index.php\/wp-json\/wp\/v2\/types\/page"}],"author":[{"embeddable":true,"href":"https:\/\/www.skiriege-oltingen.ch\/index.php\/wp-json\/wp\/v2\/users\/1"}],"replies":[{"embeddable":true,"href":"https:\/\/www.skiriege-oltingen.ch\/index.php\/wp-json\/wp\/v2\/comments?post=34"}],"version-history":[{"count":3,"href":"https:\/\/www.skiriege-oltingen.ch\/index.php\/wp-json\/wp\/v2\/pages\/34\/revisions"}],"predecessor-version":[{"id":70,"href":"https:\/\/www.skiriege-oltingen.ch\/index.php\/wp-json\/wp\/v2\/pages\/34\/revisions\/70"}],"wp:attachment":[{"href":"https:\/\/www.skiriege-oltingen.ch\/index.php\/wp-json\/wp\/v2\/media?parent=34"}],"curies":[{"name":"wp","href":"https:\/\/api.w.org\/{rel}","templated":true}]}}